{"id":109,"date":"2018-05-24T15:08:07","date_gmt":"2018-05-24T15:08:07","guid":{"rendered":"http:\/\/xn--prschken-n4a.de\/?page_id=109"},"modified":"2018-06-21T09:32:48","modified_gmt":"2018-06-21T09:32:48","slug":"impressum","status":"publish","type":"page","link":"http:\/\/xn--prschken-n4a.de\/?page_id=109","title":{"rendered":"Impressum"},"content":{"rendered":"<p>Verantwortlich f\u00fcr die Seite:<\/p>\n<p>Verantwortlich f\u00fcr die Seite:<br \/>\nAngaben gem\u00e4\u00df \u00a7 5 TMG:<br \/>\nChristian Perbandt<br \/>\nIm Stegefeld 1<br \/>\n31275 Lehrte<br \/>\ne-post: e-Mail: <a href=\"mailto:perbandt@kreisgemeinschaft-heiligenbeil.de\">perbandt@kreisgemeinschaft-heiligenbeil.de <\/a><br \/>\nTel.: 05132-57052<\/p>\n<p>Verantwortlich f\u00fcr den Inhalt nach \u00a7 55 Abs. 2 RStV:<br \/>\nChristian Perbandt<br \/>\nIm Stegefeld 1<br \/>\n31275 Lehrte<br \/>\nBei dem Inhalt unserer Internetseiten handelt es sich um urheberrechtlich gesch\u00fctzte Werke. Wir gestatten die \u00dcbernahme von Texten in Datenbest\u00e4nde, die ausschlie\u00dflich f\u00fcr den privaten Gebrauch eines Nutzers bestimmt sind. Die \u00dcbernahme und Nutzung der Daten zu anderen Zwecken bedarf der schriftlichen Zustimmung der Partei.<br \/>\nHaftungshinweis: Im Rahmen unseres Dienstes werden auch Links zu Internetinhalten anderer Anbieter bereitgestellt. Auf den Inhalt dieser Seiten haben wir keinen Einfluss; f\u00fcr den Inhalt ist ausschlie\u00dflich der Betreiber der anderen Website verantwortlich. Trotz der \u00dcberpr\u00fcfung der Inhalte im gesetzlich gebotenen Rahmen m\u00fcssen wir daher jede Verantwortung f\u00fcr den Inhalt dieser Links bzw. der verlinkten Seite ablehnen.<\/p>\n","protected":false},"excerpt":{"rendered":"<p>Verantwortlich f\u00fcr die Seite: Verantwortlich f\u00fcr die Seite: Angaben gem\u00e4\u00df \u00a7 5 TMG: Christian Perbandt Im Stegefeld 1 31275 Lehrte e-post: e-Mail: perbandt@kreisgemeinschaft-heiligenbeil.de Tel.: 05132-57052 Verantwortlich f\u00fcr den Inhalt nach \u00a7 55 Abs. 2 RStV: Christian Perbandt Im Stegefeld 1 31275 Lehrte Bei dem Inhalt unserer Internetseiten handelt es sich um urheberrechtlich gesch\u00fctzte Werke. Wir &hellip; <\/p>\n<p><a class=\"more-link btn\" href=\"http:\/\/xn--prschken-n4a.de\/?page_id=109\">Weiterlesen<\/a><\/p>\n","protected":false},"author":1,"featured_media":0,"parent":0,"menu_order":0,"comment_status":"closed","ping_status":"closed","template":"","meta":{"jetpack_post_was_ever_published":false,"footnotes":""},"class_list":["post-109","page","type-page","status-publish","hentry","nodate","item-wrap"],"jetpack_sharing_enabled":true,"jetpack_shortlink":"https:\/\/wp.me\/P3zytc-1L","jetpack-related-posts":[{"id":105,"url":"http:\/\/xn--prschken-n4a.de\/?page_id=105","url_meta":{"origin":109,"position":0},"title":"Datenschutzerkl\u00e4rung","author":"CP","date":"Mai 24, 2018","format":false,"excerpt":"Diese Datenschutzerkl\u00e4rung kl\u00e4rt Sie \u00fcber die Art, den Umfang und Zweck der Verarbeitung von personenbezogenen Daten (nachfolgend kurz \u201eDaten\u201c) innerhalb unseres Onlineangebotes und der mit ihm verbundenen Webseiten, Funktionen und Inhalte sowie externen Onlinepr\u00e4senzen, wie z.B. unser Social Media Profile auf (nachfolgend gemeinsam bezeichnet als \u201eOnlineangebot\u201c). Im Hinblick auf die\u2026","rel":"","context":"\u00c4hnlicher Beitrag","block_context":{"text":"\u00c4hnlicher Beitrag","link":""},"img":{"alt_text":"","src":"","width":0,"height":0},"classes":[]},{"id":21,"url":"http:\/\/xn--prschken-n4a.de\/","url_meta":{"origin":109,"position":1},"title":"Startseite","author":"CP","date":"Mai 3, 2017","format":false,"excerpt":"Guten Tag! Wir begr\u00fc\u00dfen Sie auf der Seite des Kirchspiels P\u00f6rschken im Kreis Heiligenbeil. Sollten Sie Bilder oder Aufzeichnungen besitz, die Sie uns zur Verf\u00fcgung stellen m\u00f6chten, freuen wir uns sehr! Es gr\u00fc\u00dft Sie herzlich Christian Perbandt","rel":"","context":"\u00c4hnlicher Beitrag","block_context":{"text":"\u00c4hnlicher Beitrag","link":""},"img":{"alt_text":"","src":"","width":0,"height":0},"classes":[]},{"id":34,"url":"http:\/\/xn--prschken-n4a.de\/?page_id=34","url_meta":{"origin":109,"position":2},"title":"Die Kirche von P&ouml;rschken","author":"CP","date":"Mai 3, 2017","format":false,"excerpt":"Emil Johannes Guttzeit schreibt im Buch \u201cDer Kreis Heiligenbeil\u201d \u00fcber die Kirche: In dem fr\u00fch gegr\u00fcndeten Dorf d\u00fcrfte schon zu Anfang des 14. Jahrhunderts eine Kirche erbaut sein. Sie ist sp\u00e4ter, vermutlich im 15. Jahrhunderts , vergr\u00f6\u00dfert worden. Daf\u00fcr sprechen die gestreckte Form des chorlosen, einschiffigen, auf einem Feldstein\u00adfundament errichteten\u2026","rel":"","context":"\u00c4hnlicher Beitrag","block_context":{"text":"\u00c4hnlicher Beitrag","link":""},"img":{"alt_text":"kirche4","src":"https:\/\/i0.wp.com\/xn--prschken-n4a.de\/wp-content\/uploads\/2017\/05\/kirche4_thumb.jpg?resize=350%2C200","width":350,"height":200},"classes":[]}],"_links":{"self":[{"href":"http:\/\/xn--prschken-n4a.de\/index.php?rest_route=\/wp\/v2\/pages\/109","targetHints":{"allow":["GET"]}}],"collection":[{"href":"http:\/\/xn--prschken-n4a.de\/index.php?rest_route=\/wp\/v2\/pages"}],"about":[{"href":"http:\/\/xn--prschken-n4a.de\/index.php?rest_route=\/wp\/v2\/types\/page"}],"author":[{"embeddable":true,"href":"http:\/\/xn--prschken-n4a.de\/index.php?rest_route=\/wp\/v2\/users\/1"}],"replies":[{"embeddable":true,"href":"http:\/\/xn--prschken-n4a.de\/index.php?rest_route=%2Fwp%2Fv2%2Fcomments&post=109"}],"version-history":[{"count":3,"href":"http:\/\/xn--prschken-n4a.de\/index.php?rest_route=\/wp\/v2\/pages\/109\/revisions"}],"predecessor-version":[{"id":130,"href":"http:\/\/xn--prschken-n4a.de\/index.php?rest_route=\/wp\/v2\/pages\/109\/revisions\/130"}],"wp:attachment":[{"href":"http:\/\/xn--prschken-n4a.de\/index.php?rest_route=%2Fwp%2Fv2%2Fmedia&parent=109"}],"curies":[{"name":"wp","href":"https:\/\/api.w.org\/{rel}","templated":true}]}}